{"id":1669,"date":"2015-10-08T10:25:48","date_gmt":"2015-10-08T10:25:48","guid":{"rendered":"https:\/\/manos-rentacar.com\/services\/"},"modified":"2025-02-17T14:08:23","modified_gmt":"2025-02-17T14:08:23","slug":"servislerimiz","status":"publish","type":"page","link":"https:\/\/manos-rentacar.com\/tr\/servislerimiz\/","title":{"rendered":"Servislerimiz"},"content":{"rendered":"<section  id=\"section-69f0dddfc8466\" class=\"fw-main-row   auto hideform\"  style=\"  \"  >\n    <div >\n        <div class=\"fw-container sections\">\n            <div class=\"fw-row\">\n\t\n\n<div id=\"column-69f0dddfc8dd4\" class=\" fw-col-sm-12       wow fadeInUp animated\" data-wow-offset=\"120\" data-wow-duration=\"1.5s\" style=\"  \">\n        <div class=\"fw-main-row\">\n        <div class=\"fw-col-inner\" >\n            \n<div class=\"fw-heading fw-heading-h1 fw-heading-center   wow fadeIn animated\" data-wow-offset=\"120\" data-wow-duration=\"1.5s\" style=\" color:\">\n\t    <div class=\"\"><h1 class='fw-special-title'> Samos Rent a Car <\/h1><\/div>\n\n\t\t\t<div class=\"fw-special-subtitle\">Samos Adasinda en iyi arac kiralama servisini sunuyoruz<\/div>\n\t\n\t\n\n<\/div>                    <\/div>\n    <\/div>\n\n\n<\/div><\/div>\n\n<div class=\"fw-row\">\n\t\n\n<div id=\"column-69f0dddfc9bf5\" class=\" fw-col-sm-6       wow fadeInUp animated\" data-wow-offset=\"120\" data-wow-duration=\"1.5s\" style=\"  \">\n        <div class=\"fw-main-row\">\n        <div class=\"fw-col-inner\" >\n            \n<div class=\"service-box wow fadeInLeft\" data-wow-offset=\"100\">\n\t<div class=\"service-icon\"><i class=\"fa fa-automobile\"><\/i><\/div>\n\t<h3 class=\"service-title\">Arac Kiralama<\/h3>\n\t<div class=\"clearfix\"><\/div>\n\t<p class=\"service-content\">\u201cManos Rent a Car\u201d i\u015fletmemizde, kalitemizden ve m\u00fc\u015fterilerimize sunabilece\u011fimiz ara\u00e7 \u00e7e\u015fitlili\u011finden gurur duyuyoruz. Samos adas\u0131ndaki hareketiniz i\u00e7in do\u011facak her t\u00fcrl\u00fc ihtiyac\u0131 kar\u015f\u0131layabiliyoruz.<\/p>\n<\/div>\n \n                    <\/div>\n    <\/div>\n\n\n<\/div>\n\n<div id=\"column-69f0dddfca560\" class=\" fw-col-sm-6       wow fadeInUp animated\" data-wow-offset=\"120\" data-wow-duration=\"1.5s\" style=\"  \">\n        <div class=\"fw-main-row\">\n        <div class=\"fw-col-inner\" >\n            \n<div class=\"service-box wow fadeInLeft\" data-wow-offset=\"100\">\n\t<div class=\"service-icon\"><i class=\"fa fa-motorcycle\"><\/i><\/div>\n\t<h3 class=\"service-title\">Motor Kiralama<\/h3>\n\t<div class=\"clearfix\"><\/div>\n\t<p class=\"service-content\">Kendinizi bir motosiklet tutkunu olarak g\u00f6r\u00fcyorsan\u0131z, her t\u00fcrl\u00fc tercihinizi kar\u015f\u0131layacak piyasada mevcut olan en yeni modellerden olusan geni\u015f bir motosiklet filomuz var. Ayrica ucuz bisiklet kiralama servisimiz hizmetinizdedir.<\/p>\n<\/div>\n \n                    <\/div>\n    <\/div>\n\n\n<\/div><\/div>\n\n<div class=\"fw-row\">\n\t\n\n<div id=\"column-69f0dddfcb37e\" class=\" fw-col-sm-6       wow fadeInUp animated\" data-wow-offset=\"120\" data-wow-duration=\"1.5s\" style=\"  \">\n        <div class=\"fw-main-row\">\n        <div class=\"fw-col-inner\" >\n            \n<div class=\"service-box wow fadeInLeft\" data-wow-offset=\"100\">\n\t<div class=\"service-icon\"><i class=\"fa fa-calendar\"><\/i><\/div>\n\t<h3 class=\"service-title\">Online Rezervasyon<\/h3>\n\t<div class=\"clearfix\"><\/div>\n\t<p class=\"service-content\">G\u00fcvenli ve g\u00fcvenilir rezervasyon sistemimizden arac rezervasyonu yap\u0131n ve kiral\u0131k arac filomuzun fiyatlar\u0131n\u0131 ve durumunu hemen \u00f6\u011frenin. T\u00fcm kredi kartlar\u0131n\u0131 kabul ediyoruz ve m\u00fc\u015fterilerimize \u00f6zel teklifler sunuyoruz.<\/p>\n<\/div>\n \n                    <\/div>\n    <\/div>\n\n\n<\/div>\n\n<div id=\"column-69f0dddfcbc46\" class=\" fw-col-sm-6       wow fadeInUp animated\" data-wow-offset=\"120\" data-wow-duration=\"1.5s\" style=\"  \">\n        <div class=\"fw-main-row\">\n        <div class=\"fw-col-inner\" >\n            \n<div class=\"service-box wow fadeInLeft\" data-wow-offset=\"100\">\n\t<div class=\"service-icon\"><i class=\"fa fa-plane\"><\/i><\/div>\n\t<h3 class=\"service-title\">Havaalani Servisi<\/h3>\n\t<div class=\"clearfix\"><\/div>\n\t<p class=\"service-content\">Bizden Samos havaalan\u0131ndan teslim almak uzere araba veya motor kiralayabilirsiniz. U\u00e7u\u015funuzun var\u0131\u015f zaman\u0131na ba\u011fl\u0131 olarak, personelimiz sizi havaalan\u0131n\u0131n var\u0131\u015f alan\u0131nda ,ofisimizin logosuna sahip bir tabela ile bekliyor olacak.<\/p>\n<\/div>\n \n                    <\/div>\n    <\/div>\n\n\n<\/div><\/div>\n\n<div class=\"fw-row\">\n\t\n\n<div id=\"column-69f0dddfcc85c\" class=\" fw-col-sm-12       wow fadeInUp animated\" data-wow-offset=\"120\" data-wow-duration=\"1.5s\" style=\"  \">\n        <div class=\"fw-main-row\">\n        <div class=\"fw-col-inner\" >\n            \n\n\n\t<div class=\"text-center\"><a href=\"https:\/\/www.quantum-travel.com.gr\/tr\/\" target=\"_blank\"  class=\"btn btn-default\" title=\"Samos ve T\u00fcrkiye&#039;de unutulmaz tatiller i\u00e7in Seyahat Hizmetlerimizi ke\u015ffedin!\">\n\t\t<i class=\" fa fa-send\"><\/i> Samos ve T\u00fcrkiye'de unutulmaz tatiller i\u00e7in Seyahat Hizmetlerimizi ke\u015ffedin!\t<\/a>\n\t<\/div>                    <\/div>\n    <\/div>\n\n\n<\/div><\/div>\n\n        <\/div>\n    <\/div>\n    <\/section>\n\n","protected":false},"excerpt":{"rendered":"<p>Samos Rent a Car Samos Adasinda en iyi arac kiralama servisini sunuyoruz Arac Kiralama \u201cManos Rent a Car\u201d i\u015fletmemizde, kalitemizden ve m\u00fc\u015fterilerimize sunabilece\u011fimiz ara\u00e7 \u00e7e\u015fitlili\u011finden gurur duyuyoruz. Samos adas\u0131ndaki hareketiniz i\u00e7in do\u011facak her t\u00fcrl\u00fc ihtiyac\u0131 kar\u015f\u0131layabiliyoruz. Motor Kiralama Kendinizi bir motosiklet tutkunu olarak g\u00f6r\u00fcyorsan\u0131z, her t\u00fcrl\u00fc tercihinizi kar\u015f\u0131layacak piyasada mevcut olan en yeni modellerden olusan [&hellip;]<\/p>\n","protected":false},"author":1,"featured_media":0,"parent":0,"menu_order":0,"comment_status":"closed","ping_status":"closed","template":"","meta":{"footnotes":""},"class_list":["post-1669","page","type-page","status-publish","hentry"],"_links":{"self":[{"href":"https:\/\/manos-rentacar.com\/tr\/wp-json\/wp\/v2\/pages\/1669","targetHints":{"allow":["GET"]}}],"collection":[{"href":"https:\/\/manos-rentacar.com\/tr\/wp-json\/wp\/v2\/pages"}],"about":[{"href":"https:\/\/manos-rentacar.com\/tr\/wp-json\/wp\/v2\/types\/page"}],"author":[{"embeddable":true,"href":"https:\/\/manos-rentacar.com\/tr\/wp-json\/wp\/v2\/users\/1"}],"replies":[{"embeddable":true,"href":"https:\/\/manos-rentacar.com\/tr\/wp-json\/wp\/v2\/comments?post=1669"}],"version-history":[{"count":7,"href":"https:\/\/manos-rentacar.com\/tr\/wp-json\/wp\/v2\/pages\/1669\/revisions"}],"predecessor-version":[{"id":1897,"href":"https:\/\/manos-rentacar.com\/tr\/wp-json\/wp\/v2\/pages\/1669\/revisions\/1897"}],"wp:attachment":[{"href":"https:\/\/manos-rentacar.com\/tr\/wp-json\/wp\/v2\/media?parent=1669"}],"curies":[{"name":"wp","href":"https:\/\/api.w.org\/{rel}","templated":true}]}}